{"id":132,"date":"2018-12-19T21:56:26","date_gmt":"2018-12-19T21:56:26","guid":{"rendered":"http:\/\/theatreneuf.ch\/?page_id=132"},"modified":"2020-09-04T19:27:54","modified_gmt":"2020-09-04T19:27:54","slug":"ca-sent-le-sapin","status":"publish","type":"page","link":"https:\/\/theatreneuf.ch\/?page_id=132","title":{"rendered":"XOLD \u00c7a sent le sapin"},"content":{"rendered":"<p><img loading=\"lazy\" decoding=\"async\" class=\"wp-image-130 aligncenter\" src=\"http:\/\/theatreneuf.ch\/wp-content\/uploads\/2018\/12\/Ca-sent-le-sapin-flyer-A5.jpg\" alt=\"\" width=\"513\" height=\"729\" srcset=\"https:\/\/theatreneuf.ch\/wp-content\/uploads\/2018\/12\/Ca-sent-le-sapin-flyer-A5.jpg 559w, https:\/\/theatreneuf.ch\/wp-content\/uploads\/2018\/12\/Ca-sent-le-sapin-flyer-A5-211x300.jpg 211w\" sizes=\"auto, (max-width: 513px) 100vw, 513px\" \/><\/p>\n<h2><strong><span style=\"color: #993300;\">Distribution<\/span><\/strong><\/h2>\n<p><strong><span style=\"color: #993300;\">Dominique <\/span>&#8211; Jacques FRITSCHI<\/strong><br \/>\nInfirmier \u00e0 la maison de retraite des Ch\u00eanes Blancs, au caract\u00e8re quelque peu pointilleux pour masquer ses tendances, il adopte volontiers un humour martial pour se faire respecter.<br \/>\n<strong><span style=\"color: #993300;\">Madeleine BOURDON<\/span> &#8211; V\u00e9ronique JORIS<\/strong><br \/>\nEmploy\u00e9e de bureau \u00e0 la retraite, issue d\u2019un milieu social moyen et d\u00e9j\u00e0 veuve \u00e0 pr\u00e8s de 63 ans, mais jeune d\u2019esprit et encore dynamique, malgr\u00e9 la petite attaque cardiaque qu\u2019elle vient de subir.<br \/>\n<strong><span style=\"color: #993300;\">Fr\u00e9d\u00e9ric BOURDON<\/span> &#8211; Ricardo BARBOSA<\/strong><br \/>\nFils unique de Mado, \u00e2g\u00e9e de 40 ans, gentil, mais faible.<br \/>\n<strong><span style=\"color: #993300;\">Sophie BOURDON<\/span> &#8211; Vanessa PREITE<\/strong><br \/>\nSeconde \u00e9pouse de Fr\u00e9d\u00e9ric, 35 ans, manipulatrice et int\u00e9ress\u00e9e par le patrimoine de sa belle-m\u00e8re.<br \/>\n<strong><span style=\"color: #993300;\">Christiane BALLEYS<\/span> &#8211; Christiane BALLEYS<\/strong><br \/>\nR\u00e9sidente de longue date des Ch\u00eanes Blancs, elle peut de se d\u00e9placer PARTOUT librement et tout le monde y trouve son compte. Elle est dans son monde mais rien ne lui \u00e9chappe!<br \/>\n<strong><span style=\"color: #993300;\">Irina ANATOLIEVNA STROGANOFF<\/span> &#8211; Nadia ROMITI MAILLOUX<\/strong><br \/>\nIssue de l\u2019ex-noblesse tsariste, elle est soign\u00e9e, maniaque, cultiv\u00e9e, au caract\u00e8re tremp\u00e9 et volontiers hautain. Elle laisse croire qu\u2019elle perd quelque peu la t\u00eate.<br \/>\n<strong><span style=\"color: #993300;\">Yvonne AUZILLON<\/span> &#8211; Ornella GAUDIANO<\/strong><br \/>\nCoiffeuse \u00e0 la retraite, bavarde et accessible, mais quelque peu na\u00efve, elle est la copine de tout le monde.<br \/>\n<strong><span style=\"color: #993300;\">L\u00e9a BOURDON<\/span> &#8211; B\u00e9n\u00e9dicte L&#8217;ALLEMAND<\/strong><br \/>\nEtudiante en fin de cycle, fille du premier mariage de Fr\u00e9d\u00e9ric, vit chez sa m\u00e8re. Elle entretient de bonnes relations avec son p\u00e8re, mais pas tr\u00e8s bonnes avec Sophie, sa belle-m\u00e8re.<\/p>\n<p>Mise en sc\u00e8ne\u00a0 \u00a0\u00a0 \u00a0<strong>Jean-Marie TORRENT\u00c9<\/strong><br \/>\nD\u00e9cors\u00a0\u00a0 \u00a0\u00a0\u00a0\u00a0\u00a0\u00a0\u00a0\u00a0\u00a0\u00a0\u00a0\u00a0\u00a0\u00a0 <strong>Pascal GOY<\/strong><br \/>\nR\u00e9gie\u00a0\u00a0 \u00a0\u00a0\u00a0\u00a0\u00a0\u00a0\u00a0\u00a0\u00a0\u00a0\u00a0\u00a0\u00a0 \u00a0\u00a0 <strong>Jules JORIS et Jacques-Olivier BUDRY<\/strong><\/p>\n<h2><strong><span style=\"color: #993300;\">Dates<\/span><\/strong><\/h2>\n<p style=\"text-align: center;\"><div class=\"su-table su-table-alternate\">\n<table>\n<tbody>\n<tr>\n<td>\u00a0Saint-Maurice<\/td>\n<td>\u00a0Aula de la Tuilerie (<a href=\"http:\/\/theatreneuf.ch\/?page_id=74\">acc\u00e8s<\/a>)<\/td>\n<td>\u00a0samedi 26 janvier et 2 f\u00e9vrier 2019<\/td>\n<td>\u00a020h30<\/td>\n<\/tr>\n<tr>\n<td><\/td>\n<td><\/td>\n<td>\u00a0vendredi 1er f\u00e9vrier 2019<\/td>\n<td>\u00a020h30<\/td>\n<\/tr>\n<tr>\n<td><\/td>\n<td><\/td>\n<td>\u00a0dimanche 27 janvier 2019<\/td>\n<td>\u00a017h00<\/td>\n<\/tr>\n<tr>\n<td>\u00a0Monthey<\/td>\n<td>\u00a0P&#8217;tit Th\u00e9\u00e2tre de la Vi\u00e8ze<\/td>\n<td>\u00a0samedi 9 f\u00e9vrier 2019<\/td>\n<td>\u00a020h30<\/td>\n<\/tr>\n<tr>\n<td><\/td>\n<td><\/td>\n<td>\u00a0dimanche 10 f\u00e9vrier 2019<\/td>\n<td>\u00a018h00<\/td>\n<\/tr>\n<tr>\n<td>\u00a0Leysin<\/td>\n<td>\u00a0Salle du Nord (<a href=\"http:\/\/theatreneuf.ch\/?page_id=80\" target=\"_blank\" rel=\"noopener noreferrer\">acc\u00e8s<\/a>)<\/td>\n<td>\u00a0samedi 23 f\u00e9vrier 2019<\/td>\n<td>\u00a020h00<\/td>\n<\/tr>\n<tr>\n<td>\u00a0Gryon<\/td>\n<td>\u00a0Salle de la Barboleusaz (<a href=\"http:\/\/theatreneuf.ch\/?page_id=107\" target=\"_blank\" rel=\"noopener noreferrer\">acc\u00e8s<\/a>)<\/td>\n<td>\u00a0samedi 9 mars 2019<\/td>\n<td>\u00a020h00<\/td>\n<\/tr>\n<\/tbody>\n<\/table>\n<p style=\"text-align: center\"><\/div>\n<h2><strong><span style=\"color: #993300;\">R\u00e9servation<br \/>\n<\/span><\/strong><\/h2>\n<p>R\u00e9servations ouvertes (cliquez sur la localit\u00e9) :<br \/>\n<a href=\"http:\/\/fssta.ch\/index.php\/fr\/1217-ca-sent-le-sapin?date=2019-01-26-20-30\" target=\"_blank\" rel=\"noopener noreferrer\">St-Maurice<\/a> (26, 27.01 et 1, 2.02)<br \/>\n<a href=\"http:\/\/fssta.ch\/index.php\/fr\/1218-ca-sent-le-sapin?date=2019-02-09-20-30\" target=\"_blank\" rel=\"noopener noreferrer\">Monthey<\/a> (9, 10.02)<br \/>\n<a href=\"http:\/\/www.fssta.ch\/index.php\/fr\/1220-ca-sent-le-sapin?date=2019-03-09-20-00\" target=\"_blank\" rel=\"noopener noreferrer\">Leysin <\/a>(23.02)<br \/>\n<a href=\"http:\/\/www.fssta.ch\/index.php\/fr\/1219-ca-sent-le-sapin?date=2019-02-23-20-00\" target=\"_blank\" rel=\"noopener noreferrer\">Gryon<\/a> (9.03)<\/p>\n<p>Pour r\u00e9server s&#8217;il y a plusieurs dates, cliquer sur le bouton vert de r\u00e9servation en haut \u00e0 gauche, puis choisir la date dans le formulaire de r\u00e9servation<br \/>\n<img loading=\"lazy\" decoding=\"async\" class=\"alignnone size-medium wp-image-154\" src=\"http:\/\/theatreneuf.ch\/wp-content\/uploads\/2019\/01\/Ashampoo_Snap_2019.01.09_21h37m35s_001_-300x279.jpg\" alt=\"\" width=\"300\" height=\"279\" srcset=\"https:\/\/theatreneuf.ch\/wp-content\/uploads\/2019\/01\/Ashampoo_Snap_2019.01.09_21h37m35s_001_-300x279.jpg 300w, https:\/\/theatreneuf.ch\/wp-content\/uploads\/2019\/01\/Ashampoo_Snap_2019.01.09_21h37m35s_001_.jpg 532w\" sizes=\"auto, (max-width: 300px) 100vw, 300px\" \/><\/p>\n<h2><strong><span style=\"color: #993300;\">Tarifs<br \/>\n<\/span><\/strong><\/h2>\n<div class=\"su-table su-table-alternate\">\n<table style=\"height: 51px\" width=\"500\">\n<tbody>\n<tr>\n<td style=\"text-align: left\">Adultes (d\u00e8s 18 ans)<\/td>\n<td>20.-<\/td>\n<\/tr>\n<tr>\n<td>AVS, \u00e9tudiant, 16-17 ans<\/td>\n<td>15 .-<\/td>\n<\/tr>\n<tr>\n<td>Enfants jusqu&#8217;\u00e0 16 ans<\/td>\n<td>10 .-\u00a0\u00a0\u00a0\u00a0\u00a0\u00a0\u00a0\u00a0\u00a0\u00a0\u00a0\u00a0\u00a0\u00a0\u00a0\u00a0\u00a0\u00a0\u00a0\u00a0\u00a0\u00a0\u00a0\u00a0\u00a0\u00a0\u00a0\u00a0\u00a0\u00a0\u00a0\u00a0\u00a0\u00a0\u00a0\u00a0\u00a0\u00a0\u00a0\u00a0\u00a0\u00a0\u00a0\u00a0\u00a0\u00a0\u00a0\u00a0\u00a0\u00a0\u00a0\u00a0\u00a0\u00a0\u00a0\u00a0\u00a0\u00a0\u00a0\u00a0\u00a0\u00a0\u00a0\u00a0\u00a0\u00a0\u00a0\u00a0\u00a0\u00a0\u00a0\u00a0\u00a0\u00a0 <span style=\"color: #ffffff\">.<\/span><\/td>\n<\/tr>\n<\/tbody>\n<\/table>\n<\/div>\n","protected":false},"excerpt":{"rendered":"<p>Distribution Dominique &#8211; Jacques FRITSCHI Infirmier \u00e0 la maison de retraite des Ch\u00eanes Blancs, au caract\u00e8re quelque peu pointilleux pour masquer ses tendances, il adopte volontiers un humour martial pour se faire respecter. Madeleine BOURDON &#8211; V\u00e9ronique JORIS Employ\u00e9e de bureau \u00e0 la retraite, issue d\u2019un milieu social moyen et d\u00e9j\u00e0 veuve \u00e0 pr\u00e8s de [&hellip;]<\/p>\n","protected":false},"author":1,"featured_media":0,"parent":0,"menu_order":0,"comment_status":"closed","ping_status":"closed","template":"","meta":{"footnotes":""},"class_list":["post-132","page","type-page","status-publish","hentry"],"_links":{"self":[{"href":"https:\/\/theatreneuf.ch\/index.php?rest_route=\/wp\/v2\/pages\/132","targetHints":{"allow":["GET"]}}],"collection":[{"href":"https:\/\/theatreneuf.ch\/index.php?rest_route=\/wp\/v2\/pages"}],"about":[{"href":"https:\/\/theatreneuf.ch\/index.php?rest_route=\/wp\/v2\/types\/page"}],"author":[{"embeddable":true,"href":"https:\/\/theatreneuf.ch\/index.php?rest_route=\/wp\/v2\/users\/1"}],"replies":[{"embeddable":true,"href":"https:\/\/theatreneuf.ch\/index.php?rest_route=%2Fwp%2Fv2%2Fcomments&post=132"}],"version-history":[{"count":9,"href":"https:\/\/theatreneuf.ch\/index.php?rest_route=\/wp\/v2\/pages\/132\/revisions"}],"predecessor-version":[{"id":1719,"href":"https:\/\/theatreneuf.ch\/index.php?rest_route=\/wp\/v2\/pages\/132\/revisions\/1719"}],"wp:attachment":[{"href":"https:\/\/theatreneuf.ch\/index.php?rest_route=%2Fwp%2Fv2%2Fmedia&parent=132"}],"curies":[{"name":"wp","href":"https:\/\/api.w.org\/{rel}","templated":true}]}}