{"id":186,"date":"2019-01-16T17:41:53","date_gmt":"2019-01-16T17:41:53","guid":{"rendered":"http:\/\/theatreneuf.ch\/?page_id=186"},"modified":"2020-09-04T19:30:11","modified_gmt":"2020-09-04T19:30:11","slug":"festival-monthey-2019","status":"publish","type":"page","link":"https:\/\/theatreneuf.ch\/?page_id=186","title":{"rendered":"XOLD Festival Monthey 2019"},"content":{"rendered":"<h2><span style=\"color: #993300;\">Voulez-vous voir trois pi\u00e8ces le m\u00eame jour ? Ou trois sur un week-end ?<\/span><\/h2>\n<h2>Ce sera \u00e0 l&#8217;occasion d&#8217;un mini festival \u00e0 Monthey<\/h2>\n<p><img loading=\"lazy\" decoding=\"async\" class=\"alignnone size-full wp-image-189 aligncenter\" src=\"http:\/\/theatreneuf.ch\/wp-content\/uploads\/2019\/01\/Affiche-sans-date.jpg\" alt=\"\" width=\"400\" height=\"563\" srcset=\"https:\/\/theatreneuf.ch\/wp-content\/uploads\/2019\/01\/Affiche-sans-date.jpg 400w, https:\/\/theatreneuf.ch\/wp-content\/uploads\/2019\/01\/Affiche-sans-date-213x300.jpg 213w\" sizes=\"auto, (max-width: 400px) 100vw, 400px\" \/><\/p>\n<h2><span style=\"color: #993300;\">Pi\u00e8ces<\/span><\/h2>\n<h3><div class=\"su-divider su-divider-style-default\" style=\"margin:15px 0;border-width:2px;border-color:#999999\"><a href=\"#\" style=\"color:#999999\">Aller en haut<\/a><\/div>\n<strong>Le d\u00e9mon de midi<\/strong><\/h3>\n<p>Vers la quarantaine, le m\u00e2le humain a coutume de quitter sa femelle \u00ab\u00a0usag\u00e9e\u00a0\u00bb pour aller cavaler dans des p\u00e2turages plus verts. Anne en fait l\u2019exp\u00e9rience avec l\u2019homme de sa vie.<br \/>\nEntre d\u00e9sespoir, rage, rire et d\u00e9rision, elle nous partage son quotidien avec un humour, parfois caustique\u2026<\/p>\n<p><a href=\"https:\/\/www.facebook.com\/lestreteauxdeblaise\/videos\/2669218786451565\/\" target=\"_blank\" rel=\"noopener noreferrer\">Extrait vid\u00e9o.<\/a><\/p>\n<p>Artiste : Sylvie DELALANDE<br \/>\nMise en sc\u00e8ne : Tania COULON<br \/>\nR\u00e9gie : Jacques-Olivier BUDRY<\/p>\n<h3><div class=\"su-divider su-divider-style-default\" style=\"margin:15px 0;border-width:2px;border-color:#999999\"><a href=\"#\" style=\"color:#999999\">Aller en haut<\/a><\/div><\/h3>\n<h3><strong>Le Journal d&#8217;un fou<\/strong><\/h3>\n<p><span class=\"memDescription\">Cette pi\u00e8ce de Nikolai Gogol, \u00e9crite en 1834, n&#8217;a pas pris une ride. L&#8217;histoire du Russe &#8211; noble mais ruin\u00e9 &#8211; Auxence Ivanov Poprichttchine \u00e9voque l&#8217;amour et ses inqui\u00e9tudes, le pouvoir et ses luttes, les frustrations, les jalousies et les ranc\u0153urs, les privations et les vexations mais aussi la politique internationale.<br \/>\nDans une interpr\u00e9tation pleinement th\u00e9\u00e2trale et non sous forme de lecture &#8211; une raret\u00e9 exceptionnelle pour cette nouvelle &#8211; Auxence Ivanovitch nous amuse, nous faire rire, nous \u00e9tonne, nous \u00e9meut.<br \/>\n<\/span><\/p>\n<p><a href=\"https:\/\/www.facebook.com\/LEJOURNAL.DUN.FOU.LeTheatre\/videos\/2095218577473411\/\" target=\"_blank\" rel=\"noopener noreferrer\">Extrait vid\u00e9o<\/a>.<\/p>\n<p>Artiste : Jean-Marie TORRENTE<br \/>\nMise en sc\u00e8ne : Hormoz KECHAVARZ<br \/>\nR\u00e9gie : Jules JORIS et Jacques-Olivier BUDRY<\/p>\n<h3><div class=\"su-divider su-divider-style-default\" style=\"margin:15px 0;border-width:2px;border-color:#999999\"><a href=\"#\" style=\"color:#999999\">Aller en haut<\/a><\/div><\/h3>\n<h3><strong>\u00c7a sent le sapin!<\/strong><\/h3>\n<p class=\"Corps P-2\"><span class=\"C-2\">Mado, veuve retrait\u00e9e de 65 ans environ, est accompagn\u00e9e par ses enfants dans une maison de repos pour une convalescence apr\u00e8s une alerte cardiaque. Elle doit partager sa chambre avec une vieille dame qui lui r\u00e9serve un accueil des plus frileux.<br \/>\nMalgr\u00e9 tout elle va rapidement prendre go\u00fbt \u00e0 la vie conviviale des Ch\u00eanes Blancs, avec la complicit\u00e9 de quelques-unes de ses compagnes d\u2019infortune.<br \/>\nQuant \u00e0 ses enfants, \u00e9taient-<wbr \/>ils anim\u00e9s de si bonnes intentions en la pla\u00e7ant aux Ch\u00eanes Blancs ?<\/span><\/p>\n<p>Artistes : Jacques FRITSCHI, V\u00e9ronique JORIS, Ricardo BARBOSA, Vanessa PREITE, Christiane BALLEYS, Nadia ROMITI MAILLOUX, Ornella GAUDIANO, B\u00e9n\u00e9dicte L\u2019ALLEMAND<br \/>\nMise en sc\u00e8ne : Jean-Marie TORRENTE<br \/>\nR\u00e9gie : Jules JORIS et Jacques-Olivier BUDRY<\/p>\n<h2><span style=\"color: #993300;\"><strong>Dates<\/strong><\/span><\/h2>\n<div class=\"su-table\">\n<table>\n<tbody>\n<tr class=\"su-even\">\n<td>\u00a0Samedi 9 f\u00e9vrier<\/td>\n<td>\u00a0Le D\u00e9mon de Midi<\/td>\n<td>\u00a0La Compagnie du Sacarbex<\/td>\n<td>\u00a015h30<\/td>\n<td><a href=\"http:\/\/fssta.ch\/index.php\/fr\/1235-le-demon-de-midi?date=2019-02-09-15-30\" target=\"_blank\" rel=\"noopener noreferrer\">\u00a0R\u00e9servation<\/a><\/td>\n<\/tr>\n<tr>\n<td><\/td>\n<td>\u00a0Le Journal d&#8217;un fou<\/td>\n<td>\u00a0Jean-Marie Torrent\u00e9<\/td>\n<td>\u00a018h00<\/td>\n<td><a href=\"http:\/\/www.fssta.ch\/index.php\/fr\/1234-le-journal-d-un-fou?date=2019-02-09-15-00\" target=\"_blank\" rel=\"noopener noreferrer\">\u00a0R\u00e9servation<\/a><\/td>\n<\/tr>\n<tr class=\"su-even\">\n<td><\/td>\n<td>\u00a0\u00c7a sent le sapin!<\/td>\n<td>\u00a0Le Th\u00e9\u00e2tre Neuf<\/td>\n<td>\u00a020h30<\/td>\n<td><a href=\"http:\/\/fssta.ch\/index.php\/fr\/1218-ca-sent-le-sapin?date=2019-02-09-20-30\" target=\"_blank\" rel=\"noopener noreferrer\">\u00a0R\u00e9servation<\/a><\/td>\n<\/tr>\n<tr>\n<td>\u00a0Dimanche 10 f\u00e9vrier<\/td>\n<td>\u00a0Le Journal d&#8217;un fou<\/td>\n<td>\u00a0Jean-Marie Torrent\u00e9<\/td>\n<td>\u00a015h30<\/td>\n<td><a href=\"http:\/\/www.fssta.ch\/index.php\/fr\/1234-le-journal-d-un-fou?date=2019-02-09-15-00\" target=\"_blank\" rel=\"noopener noreferrer\">\u00a0R\u00e9servation<\/a><\/td>\n<\/tr>\n<tr class=\"su-even\">\n<td><\/td>\n<td>\u00a0\u00c7a sent le sapin!<\/td>\n<td>\u00a0Le Th\u00e9\u00e2tre Neuf<\/td>\n<td>\u00a018h00<\/td>\n<td><a href=\"http:\/\/fssta.ch\/index.php\/fr\/1218-ca-sent-le-sapin?date=2019-02-09-20-30\" target=\"_blank\" rel=\"noopener noreferrer\">\u00a0R\u00e9servation<\/a><\/td>\n<\/tr>\n<tr>\n<td><\/td>\n<td>\u00a0Le D\u00e9mon de Midi<\/td>\n<td>\u00a0La Compagnie du Sacarbex<\/td>\n<td>\u00a020h30<\/td>\n<td><a href=\"http:\/\/fssta.ch\/index.php\/fr\/1235-le-demon-de-midi?date=2019-02-09-15-30\" target=\"_blank\" rel=\"noopener noreferrer\">\u00a0R\u00e9servation<\/a><\/td>\n<\/tr>\n<\/tbody>\n<\/table>\n<\/div>\n<h2><strong><span style=\"color: #993300;\">Tarifs<\/span><br \/>\n<\/strong><\/h2>\n<div class=\"su-table\">\n<table width=\"500\">\n<tbody>\n<tr>\n<td><\/td>\n<td>1 spectacle<\/td>\n<td>2 spectacles<\/td>\n<td>3 spectacles<\/td>\n<\/tr>\n<tr>\n<td>\u00a0Adultes (d\u00e8s 18 ans)<\/td>\n<td>20.-<\/td>\n<td>30.-<\/td>\n<td>40.-<\/td>\n<\/tr>\n<tr class=\"su-even\">\n<td>\u00a0AVS, \u00e9tudiant, apprentis, 16-17 ans<\/td>\n<td>15.-<\/td>\n<td>23.-<\/td>\n<td>30.-<\/td>\n<\/tr>\n<tr>\n<td>\u00a0Enfants jusqu\u2019\u00e0 16 ans<\/td>\n<td>10.-<\/td>\n<td>15.-<\/td>\n<td>20.-<\/td>\n<\/tr>\n<\/tbody>\n<\/table>\n<\/div>\n<div class=\"clear\"><\/div>\n<footer class=\"entry-footer\">\n<div class=\"entry-meta\"><\/div>\n<\/footer>\n<h2><strong><br \/>\n<\/strong><\/h2>\n","protected":false},"excerpt":{"rendered":"<p>Voulez-vous voir trois pi\u00e8ces le m\u00eame jour ? Ou trois sur un week-end ? Ce sera \u00e0 l&#8217;occasion d&#8217;un mini festival \u00e0 Monthey Pi\u00e8ces Le d\u00e9mon de midi Vers la quarantaine, le m\u00e2le humain a coutume de quitter sa femelle \u00ab\u00a0usag\u00e9e\u00a0\u00bb pour aller cavaler dans des p\u00e2turages plus verts. Anne en fait l\u2019exp\u00e9rience avec l\u2019homme [&hellip;]<\/p>\n","protected":false},"author":1,"featured_media":0,"parent":0,"menu_order":0,"comment_status":"closed","ping_status":"closed","template":"","meta":{"footnotes":""},"class_list":["post-186","page","type-page","status-publish","hentry"],"_links":{"self":[{"href":"https:\/\/theatreneuf.ch\/index.php?rest_route=\/wp\/v2\/pages\/186","targetHints":{"allow":["GET"]}}],"collection":[{"href":"https:\/\/theatreneuf.ch\/index.php?rest_route=\/wp\/v2\/pages"}],"about":[{"href":"https:\/\/theatreneuf.ch\/index.php?rest_route=\/wp\/v2\/types\/page"}],"author":[{"embeddable":true,"href":"https:\/\/theatreneuf.ch\/index.php?rest_route=\/wp\/v2\/users\/1"}],"replies":[{"embeddable":true,"href":"https:\/\/theatreneuf.ch\/index.php?rest_route=%2Fwp%2Fv2%2Fcomments&post=186"}],"version-history":[{"count":15,"href":"https:\/\/theatreneuf.ch\/index.php?rest_route=\/wp\/v2\/pages\/186\/revisions"}],"predecessor-version":[{"id":1726,"href":"https:\/\/theatreneuf.ch\/index.php?rest_route=\/wp\/v2\/pages\/186\/revisions\/1726"}],"wp:attachment":[{"href":"https:\/\/theatreneuf.ch\/index.php?rest_route=%2Fwp%2Fv2%2Fmedia&parent=186"}],"curies":[{"name":"wp","href":"https:\/\/api.w.org\/{rel}","templated":true}]}}